{"id":476,"date":"2014-07-20T23:11:11","date_gmt":"2014-07-20T23:11:11","guid":{"rendered":"http:\/\/www.conferenciaepiscopal.pt\/v1\/?page_id=476"},"modified":"2026-04-23T11:21:53","modified_gmt":"2026-04-23T10:21:53","slug":"membros","status":"publish","type":"page","link":"https:\/\/www.conferenciaepiscopal.pt\/v1\/membros\/","title":{"rendered":"Membros"},"content":{"rendered":"\t\t<div data-elementor-type=\"wp-page\" data-elementor-id=\"476\" class=\"elementor elementor-476\" data-elementor-post-type=\"page\">\n\t\t\t\t<div class=\"elementor-element elementor-element-eee1591 e-flex e-con-boxed e-con e-parent\" data-id=\"eee1591\" data-element_type=\"container\" data-e-type=\"container\" data-settings=\"{&quot;background_background&quot;:&quot;classic&quot;}\">\n\t\t\t\t\t<div class=\"e-con-inner\">\n\t\t\t\t<div class=\"elementor-element elementor-element-bb5c760 elementor-widget elementor-widget-heading\" data-id=\"bb5c760\" data-element_type=\"widget\" data-e-type=\"widget\" data-widget_type=\"heading.default\">\n\t\t\t\t<div class=\"elementor-widget-container\">\n\t\t\t\t\t<h2 class=\"elementor-heading-title elementor-size-default\">MEMBROS DA CONFER\u00caNCIA<\/h2>\t\t\t\t<\/div>\n\t\t\t\t<\/div>\n\t\t\t\t\t<\/div>\n\t\t\t\t<\/div>\n\t\t<div class=\"elementor-element elementor-element-bdb6e3d e-flex e-con-boxed e-con e-parent\" data-id=\"bdb6e3d\" data-element_type=\"container\" data-e-type=\"container\">\n\t\t\t\t\t<div class=\"e-con-inner\">\n\t\t\t\t<div class=\"elementor-element elementor-element-dd27ce5 elementor-widget elementor-widget-text-editor\" data-id=\"dd27ce5\" data-element_type=\"widget\" data-e-type=\"widget\" data-widget_type=\"text-editor.default\">\n\t\t\t\t<div class=\"elementor-widget-container\">\n\t\t\t\t\t\t\t\t\t<h2><span style=\"font-size: 22px;\">BISPOS DIOCESANOS E ORDIN\u00c1RIO CASTRENSE<\/span><\/h2><div><p>D. Am\u00e9rico Manuel Alves Aguiar, Cardeal, Bispo de Set\u00fabal<br \/>D. Ant\u00f3nio Augusto de Oliveira Azevedo, Bispo de Vila Real<br \/>D. Ant\u00f3nio Jos\u00e9 da Rocha Couto, Bispo de Lamego<br \/>D. Ant\u00f3nio Luciano dos Santos Costa, Bispo de Viseu<br \/>D. Ant\u00f3nio Manuel Moiteiro Ramos, Bispo de Aveiro<br \/>D. Armando Esteves Domingues, Bispo de Angra<br \/>D. Francisco Jos\u00e9 Senra Coelho, Arcebispo de \u00c9vora<br \/>D. Fernando Maio de Paiva, Bispo de Beja<br \/>D. Jo\u00e3o Evangelista Pimentel Lavrador, Bispo de Viana do Castelo<br \/>D. Jos\u00e9 Manuel Garcia Cordeiro, Arcebispo de Braga e Vice-Presidente da CEP<br \/>D. Jos\u00e9 Augusto Traquina Maria, Bispo de Santar\u00e9m<br \/>D. Jos\u00e9 Ornelas Carvalho, Bispo de Leiria-F\u00e1tima<br \/>D. Jos\u00e9 Miguel Pereira Barata, Bispo da Guarda<br \/>D. Manuel da Silva Rodrigues Linda, Bispo do Porto<br \/>D. Manuel Neto Quintas, Bispo do Algarve<br \/>D. Nuno Br\u00e1s da Silva Martins, Bispo do Funchal<br \/>D. Nuno Manuel dos Santos Almeida, Bispo de Bragan\u00e7a-Miranda<br \/>D. Pedro Alexandre Sim\u00f5es Gouveia Fernandes, Bispo de Portalegre-Castelo Branco<br \/>D. Rui Manuel Sousa Val\u00e9rio, Patriarca de Lisboa<br \/>D. S\u00e9rgio Manuel Ribeiro Dinis, Bispo das For\u00e7as Armadas e de Seguran\u00e7a<br \/>D. Virg\u00edlio do Nascimento Antunes, Bispo de Coimbra e Presidente CEP<\/p><h3>BISPOS AUXILIARES<\/h3><p>D. Alexandre Coutinho Lopes de Brito Palma, Bispo Auxiliar de Lisboa<br \/>D. Delfim Jorge Esteves Gomes, Bispo Auxiliar de Braga<br \/>D. Joaquim Proen\u00e7a Dion\u00edsio, Bispo Auxiliar do Porto<br \/>D. N\u00e9lio Pereira Pita, Bispo Auxiliar de Braga<br \/>D. Nuno Isidro Nunes Cordeiro, Bispo Auxiliar de Lisboa<br \/>D. Roberto Rosmaninho Mariz, Bispo Auxiliar do Porto<br \/>D. Rui Augusto Jardim Gouveia, Bispo Auxiliar de Lisboa<br \/>D. Vitorino Jos\u00e9 Pereira Soares, Bispo Auxiliar do Porto<\/p><h3>BISPOS EM\u00c9RITOS<\/h3><p>D. Am\u00e2ndio Jos\u00e9 Tom\u00e1s, Bispo Em\u00e9rito de Vila Real<br \/>D. Antonino Eug\u00e9nio Fernandes Dias, Bispo Em\u00e9rito de Portalegre-Castelo Branco<br \/>D. Ant\u00f3nio Augusto dos Santos Marto, Cardeal, Bispo Em\u00e9rito de Leiria-F\u00e1tima<br \/>D. Ant\u00f3nio Jos\u00e9 Cavaco Carrilho, Bispo Em\u00e9rito do Funchal<br \/>D. Ant\u00f3nio Maria Bessa Taipa, Bispo Auxiliar Em\u00e9rito do Porto<br \/>D. Ant\u00f3nio Montes Moreira, Bispo Em\u00e9rito de Bragan\u00e7a-Miranda<br \/>D. Ant\u00f3nio Vitalino Fernandes Dantas, Bispo em\u00e9rito de Beja<br \/>D. Augusto C\u00e9sar Alves Ferreira da Silva, Bispo Em\u00e9rito de Portalegre-Castelo Branco<br \/>D. Gilberto D\u00e9lio Gon\u00e7alves Canavarro dos Reis, Bispo Em\u00e9rito de Set\u00fabal<br \/>D. Jacinto Tom\u00e1s de Carvalho Botelho, Bispo em\u00e9rito de Lamego<br \/>D. Janu\u00e1rio Torgal Mendes Ferreira, Bispo Em\u00e9rito das For\u00e7as Armadas e de Seguran\u00e7a<br \/>D. Jo\u00e3o Miranda Teixeira, Bispo em\u00e9rito Auxiliar do Porto<br \/>D. Joaquim Augusto da Silva Mendes, Bispo Auxiliar Em\u00e9rito de Lisboa<br \/>D. Jorge Ferreira da Costa Ortiga, Arcebispo Em\u00e9rito de Braga<br \/>D. Jos\u00e9 Francisco Sanches Alves, Arcebispo Em\u00e9rito de \u00c9vora<br \/>D. Jos\u00e9 Jo\u00e3o dos Santos Marcos, Bispo Em\u00e9rito de Beja<br \/>D. Manuel Jos\u00e9 Mac\u00e1rio do Nascimento Clemente, Cardeal-Patriarca Em\u00e9rito de Lisboa<br \/>D. Manuel da Rocha Fel\u00edcio, Bispo Em\u00e9rito da Guarda<br \/>D. Manuel Madureira Dias, Bispo em\u00e9rito do Algarve.<br \/>D. Manuel Pelino Domingues, Bispo Em\u00e9rito de Santar\u00e9m<br \/>D. Pio Gon\u00e7alo Alves de Sousa, Bispo Auxiliar Em\u00e9rito do Porto<br \/>D. Serafim de Sousa Ferreira e Silva, Bispo Em\u00e9rito de Leiria-F\u00e1tima<\/p><p>N.B. \u2013 \u201cOs Bispos Em\u00e9ritos que tenham pertencido a outras Confer\u00eancias Episcopais, com resid\u00eancia permanente em Portugal, ter\u00e3o na CEP o estatuto de convidados, sempre que participarem nas reuni\u00f5es e outras atividades da Assembleia\u201d (Estatutos da CEP, art.\u00ba 3.\u00ba, n.\u00ba 2).<\/p><p><br \/>\u00a0<\/p><\/div>\t\t\t\t\t\t\t\t<\/div>\n\t\t\t\t<\/div>\n\t\t\t\t\t<\/div>\n\t\t\t\t<\/div>\n\t\t\t\t<\/div>\n\t\t","protected":false},"excerpt":{"rendered":"<p>MEMBROS DA CONFER\u00caNCIA BISPOS DIOCESANOS E ORDIN\u00c1RIO CASTRENSE D. Am\u00e9rico Manuel Alves Aguiar, Cardeal, Bispo de Set\u00fabalD. Ant\u00f3nio Augusto de [&hellip;]<\/p>\n","protected":false},"author":1,"featured_media":0,"parent":0,"menu_order":0,"comment_status":"closed","ping_status":"open","template":"elementor_header_footer","meta":{"site-sidebar-layout":"no-sidebar","site-content-layout":"","ast-site-content-layout":"full-width-container","site-content-style":"default","site-sidebar-style":"default","ast-global-header-display":"","ast-banner-title-visibility":"","ast-main-header-display":"","ast-hfb-above-header-display":"","ast-hfb-below-header-display":"","ast-hfb-mobile-header-display":"","site-post-title":"disabled","ast-breadcrumbs-content":"","ast-featured-img":"disabled","footer-sml-layout":"","ast-disable-related-posts":"","theme-transparent-header-meta":"default","adv-header-id-meta":"","stick-header-meta":"","header-above-stick-meta":"","header-main-stick-meta":"","header-below-stick-meta":"","astra-migrate-meta-layouts":"set","ast-page-background-enabled":"default","ast-page-background-meta":{"desktop":{"background-color":"var(--ast-global-color-4)","background-image":"","background-repeat":"repeat","background-position":"center center","background-size":"auto","background-attachment":"scroll","background-type":"","background-media":"","overlay-type":"","overlay-color":"","overlay-opacity":"","overlay-gradient":""},"tablet":{"background-color":"","background-image":"","background-repeat":"repeat","background-position":"center center","background-size":"auto","background-attachment":"scroll","background-type":"","background-media":"","overlay-type":"","overlay-color":"","overlay-opacity":"","overlay-gradient":""},"mobile":{"background-color":"","background-image":"","background-repeat":"repeat","background-position":"center center","background-size":"auto","background-attachment":"scroll","background-type":"","background-media":"","overlay-type":"","overlay-color":"","overlay-opacity":"","overlay-gradient":""}},"ast-content-background-meta":{"desktop":{"background-color":"var(--ast-global-color-5)","background-image":"","background-repeat":"repeat","background-position":"center center","background-size":"auto","background-attachment":"scroll","background-type":"","background-media":"","overlay-type":"","overlay-color":"","overlay-opacity":"","overlay-gradient":""},"tablet":{"background-color":"var(--ast-global-color-5)","background-image":"","background-repeat":"repeat","background-position":"center center","background-size":"auto","background-attachment":"scroll","background-type":"","background-media":"","overlay-type":"","overlay-color":"","overlay-opacity":"","overlay-gradient":""},"mobile":{"background-color":"var(--ast-global-color-5)","background-image":"","background-repeat":"repeat","background-position":"center center","background-size":"auto","background-attachment":"scroll","background-type":"","background-media":"","overlay-type":"","overlay-color":"","overlay-opacity":"","overlay-gradient":""}},"footnotes":""},"class_list":["post-476","page","type-page","status-publish","hentry"],"yoast_head":"<!-- This site is optimized with the Yoast SEO plugin v27.5 - https:\/\/yoast.com\/product\/yoast-seo-wordpress\/ -->\n<title>Membros - Confer\u00eancia Episcopal Portuguesa<\/title>\n<meta name=\"robots\" content=\"index, follow, max-snippet:-1, max-image-preview:large, max-video-preview:-1\" \/>\n<link rel=\"canonical\" href=\"https:\/\/www.conferenciaepiscopal.pt\/v1\/membros\/\" \/>\n<meta property=\"og:locale\" content=\"pt_PT\" \/>\n<meta property=\"og:type\" content=\"article\" \/>\n<meta property=\"og:title\" content=\"Membros - Confer\u00eancia Episcopal Portuguesa\" \/>\n<meta property=\"og:description\" content=\"MEMBROS DA CONFER\u00caNCIA BISPOS DIOCESANOS E ORDIN\u00c1RIO CASTRENSE D. Am\u00e9rico Manuel Alves Aguiar, Cardeal, Bispo de Set\u00fabalD. Ant\u00f3nio Augusto de [&hellip;]\" \/>\n<meta property=\"og:url\" content=\"https:\/\/www.conferenciaepiscopal.pt\/v1\/membros\/\" \/>\n<meta property=\"og:site_name\" content=\"Confer\u00eancia Episcopal Portuguesa\" \/>\n<meta property=\"article:modified_time\" content=\"2026-04-23T10:21:53+00:00\" \/>\n<meta name=\"twitter:card\" content=\"summary_large_image\" \/>\n<meta name=\"twitter:label1\" content=\"Tempo estimado de leitura\" \/>\n\t<meta name=\"twitter:data1\" content=\"3 minutos\" \/>\n<script type=\"application\/ld+json\" class=\"yoast-schema-graph\">{\"@context\":\"https:\\\/\\\/schema.org\",\"@graph\":[{\"@type\":\"WebPage\",\"@id\":\"https:\\\/\\\/www.conferenciaepiscopal.pt\\\/v1\\\/membros\\\/\",\"url\":\"https:\\\/\\\/www.conferenciaepiscopal.pt\\\/v1\\\/membros\\\/\",\"name\":\"Membros - Confer\u00eancia Episcopal Portuguesa\",\"isPartOf\":{\"@id\":\"https:\\\/\\\/www.conferenciaepiscopal.pt\\\/v1\\\/#website\"},\"datePublished\":\"2014-07-20T23:11:11+00:00\",\"dateModified\":\"2026-04-23T10:21:53+00:00\",\"breadcrumb\":{\"@id\":\"https:\\\/\\\/www.conferenciaepiscopal.pt\\\/v1\\\/membros\\\/#breadcrumb\"},\"inLanguage\":\"pt-PT\",\"potentialAction\":[{\"@type\":\"ReadAction\",\"target\":[\"https:\\\/\\\/www.conferenciaepiscopal.pt\\\/v1\\\/membros\\\/\"]}]},{\"@type\":\"BreadcrumbList\",\"@id\":\"https:\\\/\\\/www.conferenciaepiscopal.pt\\\/v1\\\/membros\\\/#breadcrumb\",\"itemListElement\":[{\"@type\":\"ListItem\",\"position\":1,\"name\":\"In\u00edcio\",\"item\":\"https:\\\/\\\/www.conferenciaepiscopal.pt\\\/v1\\\/\"},{\"@type\":\"ListItem\",\"position\":2,\"name\":\"Membros\"}]},{\"@type\":\"WebSite\",\"@id\":\"https:\\\/\\\/www.conferenciaepiscopal.pt\\\/v1\\\/#website\",\"url\":\"https:\\\/\\\/www.conferenciaepiscopal.pt\\\/v1\\\/\",\"name\":\"Confer\u00eancia Episcopal Portuguesa\",\"description\":\"Igreja Cat\u00f3lica em Portugal\",\"publisher\":{\"@id\":\"https:\\\/\\\/www.conferenciaepiscopal.pt\\\/v1\\\/#organization\"},\"potentialAction\":[{\"@type\":\"SearchAction\",\"target\":{\"@type\":\"EntryPoint\",\"urlTemplate\":\"https:\\\/\\\/www.conferenciaepiscopal.pt\\\/v1\\\/?s={search_term_string}\"},\"query-input\":{\"@type\":\"PropertyValueSpecification\",\"valueRequired\":true,\"valueName\":\"search_term_string\"}}],\"inLanguage\":\"pt-PT\"},{\"@type\":\"Organization\",\"@id\":\"https:\\\/\\\/www.conferenciaepiscopal.pt\\\/v1\\\/#organization\",\"name\":\"Confer\u00eancia Episcopal Portuguesa\",\"url\":\"https:\\\/\\\/www.conferenciaepiscopal.pt\\\/v1\\\/\",\"logo\":{\"@type\":\"ImageObject\",\"inLanguage\":\"pt-PT\",\"@id\":\"https:\\\/\\\/www.conferenciaepiscopal.pt\\\/v1\\\/#\\\/schema\\\/logo\\\/image\\\/\",\"url\":\"https:\\\/\\\/www.conferenciaepiscopal.pt\\\/v1\\\/wp-content\\\/uploads\\\/cropped-logoTransparente.png\",\"contentUrl\":\"https:\\\/\\\/www.conferenciaepiscopal.pt\\\/v1\\\/wp-content\\\/uploads\\\/cropped-logoTransparente.png\",\"width\":512,\"height\":512,\"caption\":\"Confer\u00eancia Episcopal Portuguesa\"},\"image\":{\"@id\":\"https:\\\/\\\/www.conferenciaepiscopal.pt\\\/v1\\\/#\\\/schema\\\/logo\\\/image\\\/\"}}]}<\/script>\n<!-- \/ Yoast SEO plugin. -->","yoast_head_json":{"title":"Membros - Confer\u00eancia Episcopal Portuguesa","robots":{"index":"index","follow":"follow","max-snippet":"max-snippet:-1","max-image-preview":"max-image-preview:large","max-video-preview":"max-video-preview:-1"},"canonical":"https:\/\/www.conferenciaepiscopal.pt\/v1\/membros\/","og_locale":"pt_PT","og_type":"article","og_title":"Membros - Confer\u00eancia Episcopal Portuguesa","og_description":"MEMBROS DA CONFER\u00caNCIA BISPOS DIOCESANOS E ORDIN\u00c1RIO CASTRENSE D. Am\u00e9rico Manuel Alves Aguiar, Cardeal, Bispo de Set\u00fabalD. Ant\u00f3nio Augusto de [&hellip;]","og_url":"https:\/\/www.conferenciaepiscopal.pt\/v1\/membros\/","og_site_name":"Confer\u00eancia Episcopal Portuguesa","article_modified_time":"2026-04-23T10:21:53+00:00","twitter_card":"summary_large_image","twitter_misc":{"Tempo estimado de leitura":"3 minutos"},"schema":{"@context":"https:\/\/schema.org","@graph":[{"@type":"WebPage","@id":"https:\/\/www.conferenciaepiscopal.pt\/v1\/membros\/","url":"https:\/\/www.conferenciaepiscopal.pt\/v1\/membros\/","name":"Membros - Confer\u00eancia Episcopal Portuguesa","isPartOf":{"@id":"https:\/\/www.conferenciaepiscopal.pt\/v1\/#website"},"datePublished":"2014-07-20T23:11:11+00:00","dateModified":"2026-04-23T10:21:53+00:00","breadcrumb":{"@id":"https:\/\/www.conferenciaepiscopal.pt\/v1\/membros\/#breadcrumb"},"inLanguage":"pt-PT","potentialAction":[{"@type":"ReadAction","target":["https:\/\/www.conferenciaepiscopal.pt\/v1\/membros\/"]}]},{"@type":"BreadcrumbList","@id":"https:\/\/www.conferenciaepiscopal.pt\/v1\/membros\/#breadcrumb","itemListElement":[{"@type":"ListItem","position":1,"name":"In\u00edcio","item":"https:\/\/www.conferenciaepiscopal.pt\/v1\/"},{"@type":"ListItem","position":2,"name":"Membros"}]},{"@type":"WebSite","@id":"https:\/\/www.conferenciaepiscopal.pt\/v1\/#website","url":"https:\/\/www.conferenciaepiscopal.pt\/v1\/","name":"Confer\u00eancia Episcopal Portuguesa","description":"Igreja Cat\u00f3lica em Portugal","publisher":{"@id":"https:\/\/www.conferenciaepiscopal.pt\/v1\/#organization"},"potentialAction":[{"@type":"SearchAction","target":{"@type":"EntryPoint","urlTemplate":"https:\/\/www.conferenciaepiscopal.pt\/v1\/?s={search_term_string}"},"query-input":{"@type":"PropertyValueSpecification","valueRequired":true,"valueName":"search_term_string"}}],"inLanguage":"pt-PT"},{"@type":"Organization","@id":"https:\/\/www.conferenciaepiscopal.pt\/v1\/#organization","name":"Confer\u00eancia Episcopal Portuguesa","url":"https:\/\/www.conferenciaepiscopal.pt\/v1\/","logo":{"@type":"ImageObject","inLanguage":"pt-PT","@id":"https:\/\/www.conferenciaepiscopal.pt\/v1\/#\/schema\/logo\/image\/","url":"https:\/\/www.conferenciaepiscopal.pt\/v1\/wp-content\/uploads\/cropped-logoTransparente.png","contentUrl":"https:\/\/www.conferenciaepiscopal.pt\/v1\/wp-content\/uploads\/cropped-logoTransparente.png","width":512,"height":512,"caption":"Confer\u00eancia Episcopal Portuguesa"},"image":{"@id":"https:\/\/www.conferenciaepiscopal.pt\/v1\/#\/schema\/logo\/image\/"}}]}},"_links":{"self":[{"href":"https:\/\/www.conferenciaepiscopal.pt\/v1\/wp-json\/wp\/v2\/pages\/476","targetHints":{"allow":["GET"]}}],"collection":[{"href":"https:\/\/www.conferenciaepiscopal.pt\/v1\/wp-json\/wp\/v2\/pages"}],"about":[{"href":"https:\/\/www.conferenciaepiscopal.pt\/v1\/wp-json\/wp\/v2\/types\/page"}],"author":[{"embeddable":true,"href":"https:\/\/www.conferenciaepiscopal.pt\/v1\/wp-json\/wp\/v2\/users\/1"}],"replies":[{"embeddable":true,"href":"https:\/\/www.conferenciaepiscopal.pt\/v1\/wp-json\/wp\/v2\/comments?post=476"}],"version-history":[{"count":31,"href":"https:\/\/www.conferenciaepiscopal.pt\/v1\/wp-json\/wp\/v2\/pages\/476\/revisions"}],"predecessor-version":[{"id":9277,"href":"https:\/\/www.conferenciaepiscopal.pt\/v1\/wp-json\/wp\/v2\/pages\/476\/revisions\/9277"}],"wp:attachment":[{"href":"https:\/\/www.conferenciaepiscopal.pt\/v1\/wp-json\/wp\/v2\/media?parent=476"}],"curies":[{"name":"wp","href":"https:\/\/api.w.org\/{rel}","templated":true}]}}